{"id":527,"date":"2015-03-14T04:35:13","date_gmt":"2015-03-14T04:35:13","guid":{"rendered":"https:\/\/quirera.com\/pmcb\/?page_id=527"},"modified":"2015-10-10T06:03:56","modified_gmt":"2015-10-10T06:03:56","slug":"home-pmcb","status":"publish","type":"page","link":"https:\/\/quirera.com\/pmcb\/","title":{"rendered":"Home PMCB"},"content":{"rendered":"<div id=\"pl-527\"  class=\"panel-layout\" ><div id=\"pg-527-0\"  class=\"panel-grid panel-has-style\" ><div class=\"siteorigin-panels-stretch kt-panel-row-stretch panel-row-style panel-row-style-for-527-0\" style=\"visibility: hidden;padding-top: 50px; padding-bottom: 30px; \" data-stretch-type=\"full\" ><div id=\"pgc-527-0-0\"  class=\"panel-grid-cell\" >\n\n          <div id=\"panel-527-0-0-0\" class=\"so-panel widget widget_kadence_infobox_widget kadence_infobox_widget panel-first-child\" data-index=\"0\" >\t\t<div class=\"kad-info-box kad-info-box-43 clearfix\" style=\"padding-left:0px; padding-right:0px;\">\n\t\t<div class=\"kt-info-icon-case\"> <i class=\"kt-icon-package kad-circle-iconclass\" style=\"background:#444444; font-size:28px; color:#ffffff\"><\/i><\/div>\n\t\t<div class=\"kt-info-content-case\"> <h4 class=\"info_box_title\">Inscri\u00e7\u00f5es Encerradas<\/h4> <p>As inscri\u00e7\u00f5es gratuitas for\u00e3o realizadas no per\u00edodo de 30\/03\/2015 a 31\/07\/2015 (contada a data de postagem) somente por meio postal via SEDEX, com Aviso de Recebimento (A.R.).<\/p><\/div>\n\t<\/div>\n\t\t<\/div>\n    \n\n          <div id=\"panel-527-0-0-1\" class=\"so-panel widget widget_kadence_infobox_widget kadence_infobox_widget\" data-index=\"1\" >\t\t<div class=\"kad-info-box kad-info-box-99 clearfix\" style=\"padding-left:0px; padding-right:0px;\">\n\t\t<div class=\"kt-info-icon-case\"> <i class=\"kt-icon-users4 kad-circle-iconclass\" style=\"background:#444444; font-size:28px; color:#ffffff\"><\/i><\/div>\n\t\t<div class=\"kt-info-content-case\"> <h4 class=\"info_box_title\">Proponentes<\/h4> <p>Podem participar do concurso compositores com idade igual ou superior a 18 anos completos, de naturalidade baiana ou domic\u00edlio fixo no estado h\u00e1 mais de 1 ano completo at\u00e9 a data da inscri\u00e7\u00e3o.\n\n<\/p><\/div>\n\t<\/div>\n\t\t<\/div>\n    \n\n          <div id=\"panel-527-0-0-2\" class=\"so-panel widget widget_kadence_infobox_widget kadence_infobox_widget panel-last-child\" data-index=\"2\" >\t\t<div class=\"kad-info-box kad-info-box-73 clearfix\" style=\"padding-left:0px; padding-right:0px;\">\n\t\t<div class=\"kt-info-icon-case\"> <i class=\"kt-icon-music3 kad-circle-iconclass\" style=\"background:#444444; font-size:28px; color:#ffffff\"><\/i><\/div>\n\t\t<div class=\"kt-info-content-case\"> <h4 class=\"info_box_title\">Instrumenta\u00e7\u00e3o<\/h4> <p>As obras devem ser inscritas para 7 int\u00e9rpretes dentro do efetivo do Camar\u00e1 Ensemble, cujos instrumentos s\u00e3o 1 Flauta, 1 Clarinete, 1 Voz (soprano), 1 Percussionista, 1 Bandolim, 1 Viol\u00e3o, 1 Violoncelo.<\/p><\/div>\n\t<\/div>\n\t\t<\/div>\n    <\/div><div id=\"pgc-527-0-1\"  class=\"panel-grid-cell\" >\n\n          <div id=\"panel-527-0-1-0\" class=\"so-panel widget widget_kadence_infobox_widget kadence_infobox_widget panel-first-child\" data-index=\"3\" >\t\t<div class=\"kad-info-box kad-info-box-100 clearfix\" style=\"padding-left:0px; padding-right:0px;\">\n\t\t<div class=\"kt-info-icon-case\"> <i class=\"kt-icon-quill kad-circle-iconclass\" style=\"background:#444444; font-size:28px; color:#ffffff\"><\/i><\/div>\n\t\t<div class=\"kt-info-content-case\"> <h4 class=\"info_box_title\">Comiss\u00e3o de Jurados<\/h4> <p>Nas fases de sele\u00e7\u00e3o e final, a comiss\u00e3o de jurados do concurso ser\u00e1 formada por compositores e maestros renomados no cen\u00e1rio erudito nacional: Paulo Costa Lima, Wellington Gomes, Pedro Augusto Dias, Pedro Kr\u00f6ger, Paulo Rios Filho e Carlos Prazeres.<\/p><\/div>\n\t<\/div>\n\t\t<\/div>\n    \n\n          <div id=\"panel-527-0-1-1\" class=\"so-panel widget widget_kadence_infobox_widget kadence_infobox_widget\" data-index=\"4\" >\t\t<div class=\"kad-info-box kad-info-box-20 clearfix\" style=\"padding-left:0px; padding-right:0px;\">\n\t\t<div class=\"kt-info-icon-case\"> <i class=\"kt-icon-trophy2 kad-circle-iconclass\" style=\"background:#444444; font-size:28px; color:#ffffff\"><\/i><\/div>\n\t\t<div class=\"kt-info-content-case\"> <h4 class=\"info_box_title\">Pr\u00eamio do J\u00fari<\/h4> <p>Os 3 compositores que obtiverem as maiores pontua\u00e7\u00f5es finais dadas pelos jurados receber\u00e3o os respectivos valores em dinheiro por ordem de classifica\u00e7\u00e3o: 1\u00ba lugar: R$ 5.000,00; 2\u00ba lugar: R$ 3.000,00; 3\u00ba lugar: R$ 1.500,00.<\/p><\/div>\n\t<\/div>\n\t\t<\/div>\n    \n\n          <div id=\"panel-527-0-1-2\" class=\"so-panel widget widget_kadence_infobox_widget kadence_infobox_widget panel-last-child\" data-index=\"5\" >\t\t<div class=\"kad-info-box kad-info-box-36 clearfix\" style=\"padding-left:0px; padding-right:0px;\">\n\t\t<div class=\"kt-info-icon-case\"> <i class=\"kt-icon-star kad-circle-iconclass\" style=\"background:#444444; font-size:28px; color:#ffffff\"><\/i><\/div>\n\t\t<div class=\"kt-info-content-case\"> <h4 class=\"info_box_title\">30 Anos de Ax\u00e9 Music<\/h4> <p>Uma homenagem a m\u00fasica erudita baiana e aos 30 anos do Ax\u00e9 Music.<\/p><\/div>\n\t<\/div>\n\t\t<\/div>\n    <\/div><\/div><\/div><div id=\"pg-527-1\"  class=\"panel-grid panel-has-style\" ><div class=\"siteorigin-panels-stretch kt-panel-row-full-stretch panel-row-style panel-row-style-for-527-1\" style=\"background-image: url(https:\/\/quirera.com\/pmcb\/wp-content\/uploads\/2014\/08\/imagem_bottom.jpg);background-size: cover;visibility: hidden;padding-top: 40px; padding-bottom: 40px; \" data-stretch-type=\"full-stretched\" ><div id=\"pgc-527-1-0\"  class=\"panel-grid-cell\" >\n\n          <div id=\"panel-527-1-0-0\" class=\"so-panel widget widget_pinnacle_calltoaction_widget pinnacle_calltoaction_widget panel-first-child panel-last-child\" data-index=\"6\" ><div class=\"panel-widget-style panel-widget-style-for-527-1-0-0\" ><h2 style=\"color:#ffffff; font-size:40px;  text-align:center;\">I PMCB<\/h2><h5 style=\"color:#ffffff; font-size:20px;  text-align:center;\">Acesse aqui o Regulamento.<\/h5><div style=\"text-align:center\"><a href=\"https:\/\/quirera.com\/pmcb\/regulamento\/\" id=\"kadbtn9\" target=\"_self\" class=\"kad-btn btn-shortcode kad-btn-primary lg-kad-btn headerfont\" style=\"background-color:; border: 0 solid; border-color:#000; color:#ffffff\">Regulamento <\/a><style type=\"text\/css\" media=\"screen\">#kadbtn9:hover {} <\/style><\/div><\/div><\/div>\n    <\/div><\/div><\/div><div id=\"pg-527-2\"  class=\"panel-grid panel-has-style\" ><div class=\"siteorigin-panels-stretch kt-panel-row-full-stretch panel-row-style panel-row-style-for-527-2\" style=\"visibility: hidden;\" data-stretch-type=\"full-stretched\" ><div id=\"pgc-527-2-0\"  class=\"panel-grid-cell\" ><div id=\"panel-527-2-0-0\" class=\"so-panel widget widget_black-studio-tinymce widget_black_studio_tinymce panel-first-child panel-last-child\" data-index=\"7\" ><div class=\"panel-widget-style panel-widget-style-for-527-2-0-0\" ><div class=\"textwidget\"><div class=\"kt-simple-box\" style=\"background-color:rgba(30, 115, 190, 0.7); min-height:250px; padding-top:50px; padding-bottom:50px; padding-left:30px; padding-right:30px; \">\n<h3 style=\"text-align: center;\"><span style=\"color: #ffffff;\">Pr\u00eamio Camar\u00e1<\/span><\/h3>\n<p style=\"text-align: center;\"><span style=\"color: #ffffff;\">Dentre as 5 outras obras n\u00e3o finalistas selecionadas para leitura em\u00a0ensaio aberto, uma ser\u00e1 escolhida para fazer parte do repert\u00f3rio do \u201cCamar\u00e1\u00a0Ensemble\u201d durante as temporadas de 2015 e\u00a02016.<\/span><\/p>\n<p style=\"text-align: left;\"><\/div>\n<\/div><\/div><\/div><\/div><div id=\"pgc-527-2-1\"  class=\"panel-grid-cell\" ><div id=\"panel-527-2-1-0\" class=\"so-panel widget widget_black-studio-tinymce widget_black_studio_tinymce panel-first-child panel-last-child\" data-index=\"8\" ><div class=\"textwidget\"><div class=\"kt-simple-box\" style=\"background-color:rgba(209, 35, 36, 0.7); min-height:250px; padding-top:50px; padding-bottom:50px; padding-left:30px; padding-right:30px; \">\n<h3 style=\"text-align: center;\"><span style=\"color: #ffffff;\">Pr\u00eamio do P\u00fablico<\/span><\/h3>\n<p style=\"text-align: center;\"><span style=\"color: #ffffff;\">Um compositor ser\u00e1\u00a0contemplado\u00a0para receber a encomenda de uma obra a ser estreada pela Orquestra Sinf\u00f4nica da Bahia na sala principal do TCA entre as temporadas de 2015 e 2016.\u00a0<\/span><\/p>\n<\/div>\n<\/div><\/div><\/div><div id=\"pgc-527-2-2\"  class=\"panel-grid-cell\" ><div id=\"panel-527-2-2-0\" class=\"so-panel widget widget_black-studio-tinymce widget_black_studio_tinymce panel-first-child panel-last-child\" data-index=\"9\" ><div class=\"textwidget\"><div class=\"kt-simple-box\" style=\"background-color:rgba(229, 161, 38, 0.7); min-height:250px; padding-top:50px; padding-bottom:50px; padding-left:30px; padding-right:30px; \">\n<h3 style=\"text-align: center;\"><span style=\"color: #ffffff;\">Obras Gravadas<\/span><\/h3>\n<p style=\"text-align: center;\"><span style=\"color: #ffffff;\">Todos os 4\u00a0compositores finalistas receber\u00e3o certificado, ter\u00e3o suas obras estreadas em concerto, gravadas e distribu\u00eddas digitalmente no site do I Pr\u00eamio de M\u00fasica Contempor\u00e2nea da Bahia.<\/span><\/p>\n<\/div>\n<\/div><\/div><\/div><\/div><\/div><div id=\"pg-527-3\"  class=\"panel-grid panel-has-style\"  style=\"margin-bottom: 0px;margin-left: 0px;margin-right: 0px;\" ><div class=\"wide-parallax siteorigin-panels-stretch kt-panel-row-stretch panel-row-style panel-row-style-for-527-3\" style=\"background-image: url(https:\/\/quirera.com\/pmcb\/wp-content\/uploads\/2015\/03\/fitas7.jpg);background-size: cover;visibility: hidden;padding-top: 100px; padding-bottom: 100px; padding-left: 400px; padding-right: 400px; \" data-stretch-type=\"full\" ><div id=\"pgc-527-3-0\"  class=\"panel-grid-cell\" >\n\n          <div id=\"panel-527-3-0-0\" class=\"so-panel widget widget_pinnacle_calltoaction_widget pinnacle_calltoaction_widget panel-first-child panel-last-child\" data-index=\"10\" ><div class=\"panel-widget-style panel-widget-style-for-527-3-0-0\" ><h2 style=\"color:#ffffff; font-size:60px;  text-align:center;\">Erudito com Ax\u00e9<\/h2><h5 style=\"color:#ffffff; font-size:35px;  text-align:center;\">O PMCB homenageia nesta primeira edi\u00e7\u00e3o os 30 anos da Ax\u00e9 Music.<\/h5><div style=\"text-align:center\"><a href=\"https:\/\/quirera.com\/pmcb\/erudito-com-axe\/\" id=\"kadbtn74\" target=\"_self\" class=\"kad-btn btn-shortcode kad-btn-primary lg-kad-btn headerfont\" style=\"background-color:; border: 0 solid; border-color:#000; color:#ffffff\">Leia Mais <\/a><style type=\"text\/css\" media=\"screen\">#kadbtn74:hover {} <\/style><\/div><\/div><\/div>\n    <\/div><\/div><\/div><div id=\"pg-527-4\"  class=\"panel-grid panel-has-style\" ><div class=\"siteorigin-panels-stretch kt-panel-row-full-stretch panel-row-style panel-row-style-for-527-4\" style=\"visibility: hidden;padding-top: 0px; padding-bottom: 0px; \" data-stretch-type=\"full-stretched\" ><div id=\"pgc-527-4-0\"  class=\"panel-grid-cell\" ><div id=\"panel-527-4-0-0\" class=\"so-panel widget widget_black-studio-tinymce widget_black_studio_tinymce panel-first-child panel-last-child\" data-index=\"11\" ><div class=\"textwidget\"><\/div><\/div><\/div><\/div><\/div><\/div>","protected":false},"excerpt":{"rendered":"<p>Inscri\u00e7\u00f5es Encerradas As inscri\u00e7\u00f5es gratuitas for\u00e3o realizadas no per\u00edodo de 30\/03\/2015 a 31\/07\/2015 (contada a data de postagem) somente por &hellip; <a href=\"https:\/\/quirera.com\/pmcb\/\">Continue lendo<\/a><\/p>\n","protected":false},"author":1,"featured_media":0,"parent":0,"menu_order":0,"comment_status":"open","ping_status":"open","template":"","meta":[],"_links":{"self":[{"href":"https:\/\/quirera.com\/pmcb\/wp-json\/wp\/v2\/pages\/527"}],"collection":[{"href":"https:\/\/quirera.com\/pmcb\/wp-json\/wp\/v2\/pages"}],"about":[{"href":"https:\/\/quirera.com\/pmcb\/wp-json\/wp\/v2\/types\/page"}],"author":[{"embeddable":true,"href":"https:\/\/quirera.com\/pmcb\/wp-json\/wp\/v2\/users\/1"}],"replies":[{"embeddable":true,"href":"https:\/\/quirera.com\/pmcb\/wp-json\/wp\/v2\/comments?post=527"}],"version-history":[{"count":227,"href":"https:\/\/quirera.com\/pmcb\/wp-json\/wp\/v2\/pages\/527\/revisions"}],"predecessor-version":[{"id":1489,"href":"https:\/\/quirera.com\/pmcb\/wp-json\/wp\/v2\/pages\/527\/revisions\/1489"}],"wp:attachment":[{"href":"https:\/\/quirera.com\/pmcb\/wp-json\/wp\/v2\/media?parent=527"}],"curies":[{"name":"wp","href":"https:\/\/api.w.org\/{rel}","templated":true}]}}