{"id":1113,"date":"2015-03-19T04:01:54","date_gmt":"2015-03-19T04:01:54","guid":{"rendered":"https:\/\/quirera.com\/pmcb\/?page_id=1113"},"modified":"2015-10-23T19:45:19","modified_gmt":"2015-10-23T19:45:19","slug":"partituras","status":"publish","type":"page","link":"https:\/\/quirera.com\/pmcb\/partituras\/","title":{"rendered":"Partituras"},"content":{"rendered":"<div id=\"pl-1113\"  class=\"panel-layout\" ><div id=\"pg-1113-0\"  class=\"panel-grid panel-no-style\" ><div id=\"pgc-1113-0-0\"  class=\"panel-grid-cell\" ><div id=\"panel-1113-0-0-0\" class=\"so-panel widget widget_black-studio-tinymce widget_black_studio_tinymce panel-first-child panel-last-child\" data-index=\"0\" ><div class=\"textwidget\"><h1>Partituras das Obras<\/h1>\n<p>Os direitos autorais das pe\u00e7as s\u00e3o exclusivos dos compositores. Para o uso das mesmas, entre em contato com os respectivos autores.<\/p>\n<p>\u00a0<\/p>\n<h2>Obras Finalistas<\/h2>\n<\/div><\/div><\/div><\/div><div id=\"pg-1113-1\"  class=\"panel-grid panel-no-style\" ><div id=\"pgc-1113-1-0\"  class=\"panel-grid-cell\" ><div id=\"panel-1113-1-0-0\" class=\"so-panel widget widget_black-studio-tinymce widget_black_studio_tinymce panel-first-child panel-last-child\" data-index=\"1\" ><div class=\"textwidget\"><p><strong>T\u00edtulo:<\/strong> Cabelo (Fricotando)<\/p>\n<p><strong>Compositor:<\/strong> Guilherme Bertissolo<\/p>\n<p><strong>Coloca\u00e7\u00e3o:<\/strong> 1\u00ba Pr\u00eamio<\/p>\n<a href=\"https:\/\/quirera.com\/pmcb\/wp-content\/uploads\/2015\/03\/guilherme_cabelo.pdf\" id=\"kadbtn34\" target=\"_blank\" class=\"kad-btn btn-shortcode kad-btn-primary  \" style=\"background-color:#dd3333; border: 0 solid; border-color:#dd3333; color:#ffffff\">Download <\/a><style type=\"text\/css\" media=\"screen\">#kadbtn34:hover {color:#ffffff !important;} <\/style>\n<div class=\"hrule clearfix\" style=\" height:1px\"><\/div>\n<p><strong>T\u00edtulo:<\/strong>\u00a0Pra que!<\/p>\n<p><strong>Compositor:<\/strong>\u00a0H\u00e9ctor Garc\u00e9s Puelma<\/p>\n<p><strong>Coloca\u00e7\u00e3o:<\/strong>\u00a03\u00ba Pr\u00eamio<\/p>\n<a href=\"https:\/\/quirera.com\/pmcb\/wp-content\/uploads\/2015\/03\/Pra_que_hector.pdf\" id=\"kadbtn23\" target=\"_blank\" class=\"kad-btn btn-shortcode kad-btn-primary  \" style=\"background-color:#dd3333; border: 0 solid; border-color:#dd3333; color:#ffffff\">Download <\/a><style type=\"text\/css\" media=\"screen\">#kadbtn23:hover {color:#ffffff !important;} <\/style>\n<\/div><\/div><\/div><div id=\"pgc-1113-1-1\"  class=\"panel-grid-cell\" ><div id=\"panel-1113-1-1-0\" class=\"so-panel widget widget_black-studio-tinymce widget_black_studio_tinymce panel-first-child panel-last-child\" data-index=\"2\" ><div class=\"textwidget\"><p><strong>T\u00edtulo:<\/strong>\u00a0Oy\u00e1, Laudamus: O Tempo, A Emers\u00e3o<\/p>\n<p><strong>Compositor:<\/strong>\u00a0Caio de Azevedo<\/p>\n<p><strong>Coloca\u00e7\u00e3o:<\/strong>\u00a02\u00ba Pr\u00eamio<\/p>\n<a href=\"https:\/\/quirera.com\/pmcb\/wp-content\/uploads\/2015\/03\/Oy\u00e1-Laudamus-o-Tempo-a-Emers\u00e3o-SCORE-.pdf\" id=\"kadbtn64\" target=\"_blank\" class=\"kad-btn btn-shortcode kad-btn-primary  \" style=\"background-color:#dd3333; border: 0 solid; border-color:#dd3333; color:#ffffff\">Download <\/a><style type=\"text\/css\" media=\"screen\">#kadbtn64:hover {color:#ffffff !important;} <\/style>\n<div class=\"hrule clearfix\" style=\" height:1px\"><\/div>\n<p><strong>T\u00edtulo:<\/strong>\u00a0Dan\u00e7as do Esquisito<\/p>\n<p><strong>Compositor:<\/strong>\u00a0Emilio Le Roux<\/p>\n<p><strong>Coloca\u00e7\u00e3o:<\/strong>\u00a0Men\u00e7\u00e3o Honrosa<\/p>\n<a href=\"https:\/\/quirera.com\/pmcb\/wp-content\/uploads\/2015\/03\/eleroux-dancas-do-esquisito-partitura-completa.pdf\" id=\"kadbtn62\" target=\"_blank\" class=\"kad-btn btn-shortcode kad-btn-primary  \" style=\"background-color:#dd3333; border: 0 solid; border-color:#dd3333; color:#ffffff\">Download <\/a><style type=\"text\/css\" media=\"screen\">#kadbtn62:hover {color:#ffffff !important;} <\/style>\n<\/div><\/div><\/div><\/div><div id=\"pg-1113-2\"  class=\"panel-grid panel-no-style\" ><div id=\"pgc-1113-2-0\"  class=\"panel-grid-cell\" ><div id=\"panel-1113-2-0-0\" class=\"so-panel widget widget_black-studio-tinymce widget_black_studio_tinymce panel-first-child panel-last-child\" data-index=\"3\" ><div class=\"textwidget\"><div class=\"hrule clearfix\" style=\" height:1px\"><\/div>\n<h2>Obras Selecionadas para Leitura<\/h2>\n<\/div><\/div><\/div><\/div><div id=\"pg-1113-3\"  class=\"panel-grid panel-no-style\" ><div id=\"pgc-1113-3-0\"  class=\"panel-grid-cell\" ><div id=\"panel-1113-3-0-0\" class=\"so-panel widget widget_black-studio-tinymce widget_black_studio_tinymce panel-first-child panel-last-child\" data-index=\"4\" ><div class=\"textwidget\"><p><strong>T\u00edtulo:<\/strong>\u00a0Suinguito No.1<\/p>\n<p><strong>Compositor:<\/strong>\u00a0Andr\u00e9 Fidelis<\/p>\n<p><strong>Coloca\u00e7\u00e3o:<\/strong> Pr\u00eamio Camar\u00e1<\/p>\n<a href=\"https:\/\/quirera.com\/pmcb\/wp-content\/uploads\/2015\/03\/andre_fidelis.pdf\" id=\"kadbtn99\" target=\"_blank\" class=\"kad-btn btn-shortcode kad-btn-primary  \" style=\"background-color:#dd3333; border: 0 solid; border-color:#dd3333; color:#ffffff\">Download <\/a><style type=\"text\/css\" media=\"screen\">#kadbtn99:hover {color:#ffffff !important;} <\/style>\n<div class=\"hrule clearfix\" style=\" height:1px\"><\/div>\n<p><strong>T\u00edtulo:<\/strong>\u00a0Como seria se Stravinsky viesse \u00e0 Bahia<\/p>\n<p><strong>Compositor:<\/strong>\u00a0Danilo Valad\u00e3o<\/p>\n<a href=\"https:\/\/quirera.com\/pmcb\/wp-content\/uploads\/2015\/03\/Danilo-Valad\u00e3o-Como-seria-se-Stravinsky-viesse-\u00e0-Bahia.pdf\" id=\"kadbtn30\" target=\"_blank\" class=\"kad-btn btn-shortcode kad-btn-primary  \" style=\"background-color:#dd3333; border: 0 solid; border-color:#dd3333; color:#ffffff\">Download <\/a><style type=\"text\/css\" media=\"screen\">#kadbtn30:hover {color:#ffffff !important;} <\/style>\n<div class=\"hrule clearfix\" style=\" height:1px\"><\/div>\n<p><strong>T\u00edtulo:<\/strong>\u00a0Ax\u00e9 (s)<\/p>\n<p><strong>Compositor:<\/strong>\u00a0J\u00e2mison Sampaio<\/p>\n<a href=\"https:\/\/quirera.com\/pmcb\/wp-content\/uploads\/2015\/03\/Ax\u00e9s-GRADE-J\u00e2mison-Sampaio.pdf\" id=\"kadbtn22\" target=\"_blank\" class=\"kad-btn btn-shortcode kad-btn-primary  \" style=\"background-color:#dd3333; border: 0 solid; border-color:#dd3333; color:#ffffff\">Download <\/a><style type=\"text\/css\" media=\"screen\">#kadbtn22:hover {color:#ffffff !important;} <\/style>\n<\/div><\/div><\/div><div id=\"pgc-1113-3-1\"  class=\"panel-grid-cell\" ><div id=\"panel-1113-3-1-0\" class=\"so-panel widget widget_black-studio-tinymce widget_black_studio_tinymce panel-first-child panel-last-child\" data-index=\"5\" ><div class=\"textwidget\"><p><strong>T\u00edtulo:<\/strong>\u00a0O Pequeno C\u00edrculo<\/p>\n<p><strong>Compositor:<\/strong>\u00a0T\u00falio Augusto Silva Santos<\/p>\n<p><strong>Coloca\u00e7\u00e3o:<\/strong> Men\u00e7\u00e3o Honrosa<\/p>\n<a href=\"https:\/\/quirera.com\/pmcb\/wp-content\/uploads\/2015\/03\/O-Pequeno-C\u00edrculo-I-Pr\u00eamio-de-M\u00fasica-Contempor\u00e2nea-da-Bahia.pdf\" id=\"kadbtn78\" target=\"_blank\" class=\"kad-btn btn-shortcode kad-btn-primary  \" style=\"background-color:#dd3333; border: 0 solid; border-color:#dd3333; color:#ffffff\">Download <\/a><style type=\"text\/css\" media=\"screen\">#kadbtn78:hover {color:#ffffff !important;} <\/style>\n<div class=\"hrule clearfix\" style=\" height:1px\"><\/div>\n<p><strong>T\u00edtulo:<\/strong>\u00a0Ecos D'Oxum<\/p>\n<p><strong>Compositor:<\/strong>\u00a0Eduardo Lago Nunes<\/p>\n<a href=\"https:\/\/quirera.com\/pmcb\/wp-content\/uploads\/2015\/03\/eduardo_Ecos-dOxum.pdf\" id=\"kadbtn48\" target=\"_blank\" class=\"kad-btn btn-shortcode kad-btn-primary  \" style=\"background-color:#dd3333; border: 0 solid; border-color:#dd3333; color:#ffffff\">Download <\/a><style type=\"text\/css\" media=\"screen\">#kadbtn48:hover {color:#ffffff !important;} <\/style>\n<div class=\"hrule clearfix\" style=\" height:1px\"><\/div>\n<p><strong>T\u00edtulo:<\/strong>\u00a0Raps\u00f3dia sobre 2 temas de Ger\u00f4nimo<\/p>\n<p><strong>Compositor:<\/strong>\u00a0George Cristian<\/p>\n<a href=\"https:\/\/quirera.com\/pmcb\/wp-content\/uploads\/2015\/03\/Raps\u00f3dia-sobre-2-Temas-de-Ger\u00f4nimo-I-PMCB-Partitura-completa.pdf\" id=\"kadbtn20\" target=\"_blank\" class=\"kad-btn btn-shortcode kad-btn-primary  \" style=\"background-color:#dd3333; border: 0 solid; border-color:#dd3333; color:#ffffff\">Download <\/a><style type=\"text\/css\" media=\"screen\">#kadbtn20:hover {color:#ffffff !important;} <\/style>\n<\/div><\/div><\/div><\/div><\/div>","protected":false},"excerpt":{"rendered":"<p>Partituras das ObrasOs direitos autorais das pe\u00e7as s\u00e3o exclusivos dos compositores. Para o uso das mesmas, entre em contato com &hellip; <a href=\"https:\/\/quirera.com\/pmcb\/partituras\/\">Continue lendo<\/a><\/p>\n","protected":false},"author":1,"featured_media":0,"parent":0,"menu_order":0,"comment_status":"open","ping_status":"open","template":"","meta":[],"_links":{"self":[{"href":"https:\/\/quirera.com\/pmcb\/wp-json\/wp\/v2\/pages\/1113"}],"collection":[{"href":"https:\/\/quirera.com\/pmcb\/wp-json\/wp\/v2\/pages"}],"about":[{"href":"https:\/\/quirera.com\/pmcb\/wp-json\/wp\/v2\/types\/page"}],"author":[{"embeddable":true,"href":"https:\/\/quirera.com\/pmcb\/wp-json\/wp\/v2\/users\/1"}],"replies":[{"embeddable":true,"href":"https:\/\/quirera.com\/pmcb\/wp-json\/wp\/v2\/comments?post=1113"}],"version-history":[{"count":19,"href":"https:\/\/quirera.com\/pmcb\/wp-json\/wp\/v2\/pages\/1113\/revisions"}],"predecessor-version":[{"id":1553,"href":"https:\/\/quirera.com\/pmcb\/wp-json\/wp\/v2\/pages\/1113\/revisions\/1553"}],"wp:attachment":[{"href":"https:\/\/quirera.com\/pmcb\/wp-json\/wp\/v2\/media?parent=1113"}],"curies":[{"name":"wp","href":"https:\/\/api.w.org\/{rel}","templated":true}]}}